{"id":37865,"date":"2022-12-02T09:35:21","date_gmt":"2022-12-02T15:35:21","guid":{"rendered":"https:\/\/live-huw-2023.pantheonsite.io\/?post_type=product&#038;p=37865"},"modified":"2024-03-15T09:45:45","modified_gmt":"2024-03-15T14:45:45","slug":"brave-the-wave","status":"publish","type":"product","link":"https:\/\/www.hairuwear.com\/de\/product\/brave-the-wave\/","title":{"rendered":"Brave The Wave"},"content":{"rendered":"<div id=\"content-desktop\">\n<div id='gallery-1' class='gallery galleryid-37865 gallery-columns-6 gallery-size-full'><figure class='gallery-item'>\n\t\t\t<div class='gallery-icon landscape'>\n\t\t\t\t<img fetchpriority=\"high\" decoding=\"async\" width=\"350\" height=\"350\" src=\"https:\/\/www.hairuwear.com\/wp-content\/uploads\/2022\/04\/RW-Vibralite-R14-25-Honey-Ginger.jpg\" class=\"attachment-full size-full\" alt=\"R14\/25 Honey Ginger\" aria-describedby=\"gallery-1-27472\" \/>\n\t\t\t<\/div>\n\t\t\t\t<figcaption class='wp-caption-text gallery-caption' id='gallery-1-27472'>\n\t\t\t\tR14\/25 Honey Ginger\n\t\t\t\t<\/figcaption><\/figure><figure class='gallery-item'>\n\t\t\t<div class='gallery-icon landscape'>\n\t\t\t\t<img decoding=\"async\" width=\"350\" height=\"350\" src=\"https:\/\/www.hairuwear.com\/wp-content\/uploads\/2022\/04\/RW-Vibralite-R25-Ginger-Blonde.jpg\" class=\"attachment-full size-full\" alt=\"R25 Ginger Blonde\" aria-describedby=\"gallery-1-27482\" \/>\n\t\t\t<\/div>\n\t\t\t\t<figcaption class='wp-caption-text gallery-caption' id='gallery-1-27482'>\n\t\t\t\tR25 Ginger Blonde\n\t\t\t\t<\/figcaption><\/figure><figure class='gallery-item'>\n\t\t\t<div class='gallery-icon landscape'>\n\t\t\t\t<img decoding=\"async\" width=\"350\" height=\"350\" src=\"https:\/\/www.hairuwear.com\/wp-content\/uploads\/2022\/04\/RW-Vibralite-R29S-S-Glazed-Strawberry.jpg\" class=\"attachment-full size-full\" alt=\"R29S+ Glazed Strawberry\" aria-describedby=\"gallery-1-27485\" \/>\n\t\t\t<\/div>\n\t\t\t\t<figcaption class='wp-caption-text gallery-caption' id='gallery-1-27485'>\n\t\t\t\tR29S+ Glazed Strawberry\n\t\t\t\t<\/figcaption><\/figure><figure class='gallery-item'>\n\t\t\t<div class='gallery-icon landscape'>\n\t\t\t\t<img loading=\"lazy\" decoding=\"async\" width=\"350\" height=\"350\" src=\"https:\/\/www.hairuwear.com\/wp-content\/uploads\/2022\/04\/Vibralite-R3025S-S-Glazed-Cinnamon.jpg\" class=\"attachment-full size-full\" alt=\"R3025S+ Glazed Cinnamon\" aria-describedby=\"gallery-1-27499\" \/>\n\t\t\t<\/div>\n\t\t\t\t<figcaption class='wp-caption-text gallery-caption' id='gallery-1-27499'>\n\t\t\t\tR3025S+ Glazed Cinnamon\n\t\t\t\t<\/figcaption><\/figure><figure class='gallery-item'>\n\t\t\t<div class='gallery-icon landscape'>\n\t\t\t\t<img loading=\"lazy\" decoding=\"async\" width=\"350\" height=\"350\" src=\"https:\/\/www.hairuwear.com\/wp-content\/uploads\/2022\/08\/RW-Vibralite-SS30-28-SS-Spice-swatch.jpg\" class=\"attachment-full size-full\" alt=\"SS30\/28 SS Spice\" aria-describedby=\"gallery-1-32432\" \/>\n\t\t\t<\/div>\n\t\t\t\t<figcaption class='wp-caption-text gallery-caption' id='gallery-1-32432'>\n\t\t\t\tSS30\/28 SS Gew\u00fcrz\n\t\t\t\t<\/figcaption><\/figure>\n\t\t<\/div>\n\n<\/div>\n<div id=\"content-mobile\">\n<div id='gallery-2' class='gallery galleryid-37865 gallery-columns-3 gallery-size-thumbnail'><figure class='gallery-item'>\n\t\t\t<div class='gallery-icon landscape'>\n\t\t\t\t<img loading=\"lazy\" decoding=\"async\" width=\"150\" height=\"150\" src=\"https:\/\/www.hairuwear.com\/wp-content\/uploads\/2022\/04\/RW-Vibralite-R14-25-Honey-Ginger-150x150.jpg\" class=\"attachment-thumbnail size-thumbnail\" alt=\"R14\/25 Honey Ginger\" aria-describedby=\"gallery-2-27472\" \/>\n\t\t\t<\/div>\n\t\t\t\t<figcaption class='wp-caption-text gallery-caption' id='gallery-2-27472'>\n\t\t\t\tR14\/25 Honey Ginger\n\t\t\t\t<\/figcaption><\/figure><figure class='gallery-item'>\n\t\t\t<div class='gallery-icon landscape'>\n\t\t\t\t<img loading=\"lazy\" decoding=\"async\" width=\"150\" height=\"150\" src=\"https:\/\/www.hairuwear.com\/wp-content\/uploads\/2022\/04\/RW-Vibralite-R25-Ginger-Blonde-150x150.jpg\" class=\"attachment-thumbnail size-thumbnail\" alt=\"R25 Ginger Blonde\" aria-describedby=\"gallery-2-27482\" \/>\n\t\t\t<\/div>\n\t\t\t\t<figcaption class='wp-caption-text gallery-caption' id='gallery-2-27482'>\n\t\t\t\tR25 Ginger Blonde\n\t\t\t\t<\/figcaption><\/figure><figure class='gallery-item'>\n\t\t\t<div class='gallery-icon landscape'>\n\t\t\t\t<img loading=\"lazy\" decoding=\"async\" width=\"150\" height=\"150\" src=\"https:\/\/www.hairuwear.com\/wp-content\/uploads\/2022\/04\/RW-Vibralite-R29S-S-Glazed-Strawberry-150x150.jpg\" class=\"attachment-thumbnail size-thumbnail\" alt=\"R29S+ Glazed Strawberry\" aria-describedby=\"gallery-2-27485\" \/>\n\t\t\t<\/div>\n\t\t\t\t<figcaption class='wp-caption-text gallery-caption' id='gallery-2-27485'>\n\t\t\t\tR29S+ Glazed Strawberry\n\t\t\t\t<\/figcaption><\/figure><figure class='gallery-item'>\n\t\t\t<div class='gallery-icon landscape'>\n\t\t\t\t<img loading=\"lazy\" decoding=\"async\" width=\"150\" height=\"150\" src=\"https:\/\/www.hairuwear.com\/wp-content\/uploads\/2022\/04\/Vibralite-R3025S-S-Glazed-Cinnamon-150x150.jpg\" class=\"attachment-thumbnail size-thumbnail\" alt=\"R3025S+ Glazed Cinnamon\" aria-describedby=\"gallery-2-27499\" \/>\n\t\t\t<\/div>\n\t\t\t\t<figcaption class='wp-caption-text gallery-caption' id='gallery-2-27499'>\n\t\t\t\tR3025S+ Glazed Cinnamon\n\t\t\t\t<\/figcaption><\/figure><figure class='gallery-item'>\n\t\t\t<div class='gallery-icon landscape'>\n\t\t\t\t<img loading=\"lazy\" decoding=\"async\" width=\"150\" height=\"150\" src=\"https:\/\/www.hairuwear.com\/wp-content\/uploads\/2022\/08\/RW-Vibralite-SS30-28-SS-Spice-swatch-150x150.jpg\" class=\"attachment-thumbnail size-thumbnail\" alt=\"SS30\/28 SS Spice\" aria-describedby=\"gallery-2-32432\" \/>\n\t\t\t<\/div>\n\t\t\t\t<figcaption class='wp-caption-text gallery-caption' id='gallery-2-32432'>\n\t\t\t\tSS30\/28 SS Gew\u00fcrz\n\t\t\t\t<\/figcaption><\/figure>\n\t\t<\/div>\n\n<\/div>","protected":false},"excerpt":{"rendered":"<p>Bei diesem Stil dreht sich alles um schwungvolle, l\u00e4ssige Textur und gesichtsschmeichelnde Wellen. Ein moderner Vibe, der Downtown cool und Uptown chic ist. Weiche Locken mit sanfter Schichtung k\u00f6nnen \"zerknittert\" getragen werden oder f\u00fcr einen volumin\u00f6seren Look ausgeb\u00fcrstet werden. Mit Spitzenfront von Schl\u00e4fe zu Schl\u00e4fe, Monofilamentteil und Memory Cap<sup><small>\u00ae<\/small><\/sup>\u00a0III Basis.<\/p>\n<hr \/>\n<p>Temple-To-Temple Lace Front<br \/>\nMonofilament Part<br \/>\nMemory Cap<sup><small>\u00ae<\/small><\/sup> III<br \/>\nVelvet-Lined Ear Tabs<br \/>\nVelvet-Lined Extended Nape<br \/>\n<a href=\"\/de\/raquel-welch\/hair-types\/#kanekalon-vibralite\" target=\"_blank\" rel=\"noopener\">Kanekalon Vibralite<sup>\u00ae<\/sup> Synthetische Faser<\/a><\/p>\n<hr \/>\n<p>Cap Size: Average<\/p>\n<hr \/>\n<p>Front: 7\u00bd\u201d<\/p>\n<hr \/>\n<p>Crown: 9\u00bd\u201d<\/p>\n<hr \/>\n<p>Seiten: 7\u00bd\"<\/p>\n<hr \/>\n<p>R\u00fccken: 6\u2033.<\/p>\n<hr \/>\n<p>Nacken: 9\u00bd\"<\/p>\n<hr \/>\n<p>Weight: 3.75 oz<\/p>","protected":false},"featured_media":37868,"template":"","meta":[],"product_brand":[167],"product_cat":[209,183,192],"product_tag":[],"class_list":{"0":"post-37865","1":"product","2":"type-product","3":"status-publish","4":"has-post-thumbnail","6":"product_brand-raquel-welch","7":"product_cat-view-all","8":"product_cat-raquel-welch","9":"product_cat-rw-signature-collection","10":"pa_application-type-ready-to-wear","11":"pa_brand-raquel-welch","12":"pa_cap-size-average","13":"pa_categories-wigs","14":"pa_color-family-blonde","15":"pa_color-family-red","16":"pa_color-family-shadow-shades","17":"pa_department-women","18":"pa_discontinued-discontinued","19":"pa_hair-type-synthetic-fiber","20":"pa_wig-features-lace-front","21":"pa_wig-features-memory-cap","22":"pa_wig-features-monofilament","23":"pa_wig-length-mid-length","24":"pa_wig-style-curly","25":"pa_wig-style-wavy","28":"first","29":"instock","30":"shipping-taxable","31":"product-type-simple"},"yoast_head":"<!-- This site is optimized with the Yoast SEO plugin v25.3.1 - https:\/\/yoast.com\/wordpress\/plugins\/seo\/ -->\n<title>Brave The Wave - HairUWear<\/title>\n<meta name=\"description\" content=\"This style is all about swingy, easy-going texture and face-flattering waves. A modern vibe that\u2019s downtown cool, uptown chic. Soft curls with gentle layering can be worn \u201cscrunched\u201d or brushed out for a more voluminous look. Features a temple-to-temple lace front, monofilament part and Memory Cap\u00ae\u00a0III base.\" \/>\n<meta name=\"robots\" content=\"index, follow, max-snippet:-1, max-image-preview:large, max-video-preview:-1\" \/>\n<link rel=\"canonical\" href=\"https:\/\/www.hairuwear.com\/de\/product\/brave-the-wave\/\" \/>\n<meta property=\"og:locale\" content=\"de_DE\" \/>\n<meta property=\"og:type\" content=\"article\" \/>\n<meta property=\"og:title\" content=\"Brave The Wave - HairUWear\" \/>\n<meta property=\"og:description\" content=\"This style is all about swingy, easy-going texture and face-flattering waves. A modern vibe that\u2019s downtown cool, uptown chic. Soft curls with gentle layering can be worn \u201cscrunched\u201d or brushed out for a more voluminous look. Features a temple-to-temple lace front, monofilament part and Memory Cap\u00ae\u00a0III base.\" \/>\n<meta property=\"og:url\" content=\"https:\/\/www.hairuwear.com\/de\/product\/brave-the-wave\/\" \/>\n<meta property=\"og:site_name\" content=\"HairUWear\" \/>\n<meta property=\"article:publisher\" content=\"https:\/\/www.facebook.com\/HairUWearINC\" \/>\n<meta property=\"article:modified_time\" content=\"2024-03-15T14:45:45+00:00\" \/>\n<meta property=\"og:image\" content=\"https:\/\/www.hairuwear.com\/wp-content\/uploads\/2022\/12\/RW-Brave-the-Wave-Model-Front-1-scaled.jpg\" \/>\n\t<meta property=\"og:image:width\" content=\"2046\" \/>\n\t<meta property=\"og:image:height\" content=\"2560\" \/>\n\t<meta property=\"og:image:type\" content=\"image\/jpeg\" \/>\n<meta name=\"twitter:card\" content=\"summary_large_image\" \/>\n<meta name=\"twitter:label1\" content=\"Est. reading time\" \/>\n\t<meta name=\"twitter:data1\" content=\"1 Minute\" \/>\n<script type=\"application\/ld+json\" class=\"yoast-schema-graph\">{\"@context\":\"https:\/\/schema.org\",\"@graph\":[{\"@type\":\"WebPage\",\"@id\":\"https:\/\/www.hairuwear.com\/da\/product\/brave-the-wave\/\",\"url\":\"https:\/\/www.hairuwear.com\/da\/product\/brave-the-wave\/\",\"name\":\"Brave The Wave - HairUWear\",\"isPartOf\":{\"@id\":\"https:\/\/www.hairuwear.com\/nl\/#website\"},\"primaryImageOfPage\":{\"@id\":\"https:\/\/www.hairuwear.com\/da\/product\/brave-the-wave\/#primaryimage\"},\"image\":{\"@id\":\"https:\/\/www.hairuwear.com\/da\/product\/brave-the-wave\/#primaryimage\"},\"thumbnailUrl\":\"https:\/\/www.hairuwear.com\/wp-content\/uploads\/2022\/12\/RW-Brave-the-Wave-Model-Front-1-scaled.jpg\",\"datePublished\":\"2022-12-02T15:35:21+00:00\",\"dateModified\":\"2024-03-15T14:45:45+00:00\",\"description\":\"This style is all about swingy, easy-going texture and face-flattering waves. A modern vibe that\u2019s downtown cool, uptown chic. Soft curls with gentle layering can be worn \u201cscrunched\u201d or brushed out for a more voluminous look. Features a temple-to-temple lace front, monofilament part and Memory Cap\u00ae\u00a0III base.\",\"breadcrumb\":{\"@id\":\"https:\/\/www.hairuwear.com\/da\/product\/brave-the-wave\/#breadcrumb\"},\"inLanguage\":\"de-DE\",\"potentialAction\":[{\"@type\":\"ReadAction\",\"target\":[\"https:\/\/www.hairuwear.com\/da\/product\/brave-the-wave\/\"]}]},{\"@type\":\"ImageObject\",\"inLanguage\":\"de-DE\",\"@id\":\"https:\/\/www.hairuwear.com\/da\/product\/brave-the-wave\/#primaryimage\",\"url\":\"https:\/\/www.hairuwear.com\/wp-content\/uploads\/2022\/12\/RW-Brave-the-Wave-Model-Front-1-scaled.jpg\",\"contentUrl\":\"https:\/\/www.hairuwear.com\/wp-content\/uploads\/2022\/12\/RW-Brave-the-Wave-Model-Front-1-scaled.jpg\",\"width\":2046,\"height\":2560,\"caption\":\"Brave The Wave in R29S+ Glazed Strawberry\"},{\"@type\":\"BreadcrumbList\",\"@id\":\"https:\/\/www.hairuwear.com\/da\/product\/brave-the-wave\/#breadcrumb\",\"itemListElement\":[{\"@type\":\"ListItem\",\"position\":1,\"name\":\"Home\",\"item\":\"https:\/\/www.hairuwear.com\/\"},{\"@type\":\"ListItem\",\"position\":2,\"name\":\"Products &#038; Solutions\",\"item\":\"https:\/\/www.hairuwear.com\/es\/products-solutions\/\"},{\"@type\":\"ListItem\",\"position\":3,\"name\":\"Brave The Wave\"}]},{\"@type\":\"WebSite\",\"@id\":\"https:\/\/www.hairuwear.com\/nl\/#website\",\"url\":\"https:\/\/www.hairuwear.com\/nl\/\",\"name\":\"HairUWear\",\"description\":\"We inspire women and men throughout the world to see all the possibilities of alternative hair.\",\"publisher\":{\"@id\":\"https:\/\/www.hairuwear.com\/nl\/#organization\"},\"potentialAction\":[{\"@type\":\"SearchAction\",\"target\":{\"@type\":\"EntryPoint\",\"urlTemplate\":\"https:\/\/www.hairuwear.com\/nl\/?s={search_term_string}\"},\"query-input\":{\"@type\":\"PropertyValueSpecification\",\"valueRequired\":true,\"valueName\":\"search_term_string\"}}],\"inLanguage\":\"de-DE\"},{\"@type\":\"Organization\",\"@id\":\"https:\/\/www.hairuwear.com\/nl\/#organization\",\"name\":\"HairUWear\",\"url\":\"https:\/\/www.hairuwear.com\/nl\/\",\"logo\":{\"@type\":\"ImageObject\",\"inLanguage\":\"de-DE\",\"@id\":\"https:\/\/www.hairuwear.com\/nl\/#\/schema\/logo\/image\/\",\"url\":\"https:\/\/hairuwear.com\/wp-content\/uploads\/2024\/02\/HUW-logo-black-square.jpg\",\"contentUrl\":\"https:\/\/hairuwear.com\/wp-content\/uploads\/2024\/02\/HUW-logo-black-square.jpg\",\"width\":1000,\"height\":1000,\"caption\":\"HairUWear\"},\"image\":{\"@id\":\"https:\/\/www.hairuwear.com\/nl\/#\/schema\/logo\/image\/\"},\"sameAs\":[\"https:\/\/www.facebook.com\/HairUWearINC\",\"https:\/\/www.instagram.com\/hairuwear_inc\/\",\"https:\/\/www.youtube.com\/channel\/UCooHA3ZvNM3CfbjxHAUUZlg\",\"https:\/\/www.linkedin.com\/company\/hairuwear\/\",\"https:\/\/www.pinterest.com\/hairuwear\/?invite_code=060417bbf4384977ac59e5e49e9e2f4a\"]}]}<\/script>\n<!-- \/ Yoast SEO plugin. -->","yoast_head_json":{"title":"Brave The Wave - HairUWear","description":"This style is all about swingy, easy-going texture and face-flattering waves. A modern vibe that\u2019s downtown cool, uptown chic. Soft curls with gentle layering can be worn \u201cscrunched\u201d or brushed out for a more voluminous look. Features a temple-to-temple lace front, monofilament part and Memory Cap\u00ae\u00a0III base.","robots":{"index":"index","follow":"follow","max-snippet":"max-snippet:-1","max-image-preview":"max-image-preview:large","max-video-preview":"max-video-preview:-1"},"canonical":"https:\/\/www.hairuwear.com\/de\/product\/brave-the-wave\/","og_locale":"de_DE","og_type":"article","og_title":"Brave The Wave - HairUWear","og_description":"This style is all about swingy, easy-going texture and face-flattering waves. A modern vibe that\u2019s downtown cool, uptown chic. Soft curls with gentle layering can be worn \u201cscrunched\u201d or brushed out for a more voluminous look. Features a temple-to-temple lace front, monofilament part and Memory Cap\u00ae\u00a0III base.","og_url":"https:\/\/www.hairuwear.com\/de\/product\/brave-the-wave\/","og_site_name":"HairUWear","article_publisher":"https:\/\/www.facebook.com\/HairUWearINC","article_modified_time":"2024-03-15T14:45:45+00:00","og_image":[{"width":2046,"height":2560,"url":"https:\/\/www.hairuwear.com\/wp-content\/uploads\/2022\/12\/RW-Brave-the-Wave-Model-Front-1-scaled.jpg","type":"image\/jpeg"}],"twitter_card":"summary_large_image","twitter_misc":{"Est. reading time":"1 Minute"},"schema":{"@context":"https:\/\/schema.org","@graph":[{"@type":"WebPage","@id":"https:\/\/www.hairuwear.com\/da\/product\/brave-the-wave\/","url":"https:\/\/www.hairuwear.com\/da\/product\/brave-the-wave\/","name":"Brave The Wave - HairUWear","isPartOf":{"@id":"https:\/\/www.hairuwear.com\/nl\/#website"},"primaryImageOfPage":{"@id":"https:\/\/www.hairuwear.com\/da\/product\/brave-the-wave\/#primaryimage"},"image":{"@id":"https:\/\/www.hairuwear.com\/da\/product\/brave-the-wave\/#primaryimage"},"thumbnailUrl":"https:\/\/www.hairuwear.com\/wp-content\/uploads\/2022\/12\/RW-Brave-the-Wave-Model-Front-1-scaled.jpg","datePublished":"2022-12-02T15:35:21+00:00","dateModified":"2024-03-15T14:45:45+00:00","description":"This style is all about swingy, easy-going texture and face-flattering waves. A modern vibe that\u2019s downtown cool, uptown chic. Soft curls with gentle layering can be worn \u201cscrunched\u201d or brushed out for a more voluminous look. Features a temple-to-temple lace front, monofilament part and Memory Cap\u00ae\u00a0III base.","breadcrumb":{"@id":"https:\/\/www.hairuwear.com\/da\/product\/brave-the-wave\/#breadcrumb"},"inLanguage":"de-DE","potentialAction":[{"@type":"ReadAction","target":["https:\/\/www.hairuwear.com\/da\/product\/brave-the-wave\/"]}]},{"@type":"ImageObject","inLanguage":"de-DE","@id":"https:\/\/www.hairuwear.com\/da\/product\/brave-the-wave\/#primaryimage","url":"https:\/\/www.hairuwear.com\/wp-content\/uploads\/2022\/12\/RW-Brave-the-Wave-Model-Front-1-scaled.jpg","contentUrl":"https:\/\/www.hairuwear.com\/wp-content\/uploads\/2022\/12\/RW-Brave-the-Wave-Model-Front-1-scaled.jpg","width":2046,"height":2560,"caption":"Brave The Wave in R29S+ Glazed Strawberry"},{"@type":"BreadcrumbList","@id":"https:\/\/www.hairuwear.com\/da\/product\/brave-the-wave\/#breadcrumb","itemListElement":[{"@type":"ListItem","position":1,"name":"Home","item":"https:\/\/www.hairuwear.com\/"},{"@type":"ListItem","position":2,"name":"Products &#038; Solutions","item":"https:\/\/www.hairuwear.com\/es\/products-solutions\/"},{"@type":"ListItem","position":3,"name":"Brave The Wave"}]},{"@type":"WebSite","@id":"https:\/\/www.hairuwear.com\/nl\/#website","url":"https:\/\/www.hairuwear.com\/nl\/","name":"HairUWear","description":"We inspire women and men throughout the world to see all the possibilities of alternative hair.","publisher":{"@id":"https:\/\/www.hairuwear.com\/nl\/#organization"},"potentialAction":[{"@type":"SearchAction","target":{"@type":"EntryPoint","urlTemplate":"https:\/\/www.hairuwear.com\/nl\/?s={search_term_string}"},"query-input":{"@type":"PropertyValueSpecification","valueRequired":true,"valueName":"search_term_string"}}],"inLanguage":"de-DE"},{"@type":"Organization","@id":"https:\/\/www.hairuwear.com\/nl\/#organization","name":"HairUWear","url":"https:\/\/www.hairuwear.com\/nl\/","logo":{"@type":"ImageObject","inLanguage":"de-DE","@id":"https:\/\/www.hairuwear.com\/nl\/#\/schema\/logo\/image\/","url":"https:\/\/hairuwear.com\/wp-content\/uploads\/2024\/02\/HUW-logo-black-square.jpg","contentUrl":"https:\/\/hairuwear.com\/wp-content\/uploads\/2024\/02\/HUW-logo-black-square.jpg","width":1000,"height":1000,"caption":"HairUWear"},"image":{"@id":"https:\/\/www.hairuwear.com\/nl\/#\/schema\/logo\/image\/"},"sameAs":["https:\/\/www.facebook.com\/HairUWearINC","https:\/\/www.instagram.com\/hairuwear_inc\/","https:\/\/www.youtube.com\/channel\/UCooHA3ZvNM3CfbjxHAUUZlg","https:\/\/www.linkedin.com\/company\/hairuwear\/","https:\/\/www.pinterest.com\/hairuwear\/?invite_code=060417bbf4384977ac59e5e49e9e2f4a"]}]}},"_links":{"self":[{"href":"https:\/\/www.hairuwear.com\/de\/wp-json\/wp\/v2\/product\/37865","targetHints":{"allow":["GET"]}}],"collection":[{"href":"https:\/\/www.hairuwear.com\/de\/wp-json\/wp\/v2\/product"}],"about":[{"href":"https:\/\/www.hairuwear.com\/de\/wp-json\/wp\/v2\/types\/product"}],"version-history":[{"count":5,"href":"https:\/\/www.hairuwear.com\/de\/wp-json\/wp\/v2\/product\/37865\/revisions"}],"predecessor-version":[{"id":143994,"href":"https:\/\/www.hairuwear.com\/de\/wp-json\/wp\/v2\/product\/37865\/revisions\/143994"}],"wp:featuredmedia":[{"embeddable":true,"href":"https:\/\/www.hairuwear.com\/de\/wp-json\/wp\/v2\/media\/37868"}],"wp:attachment":[{"href":"https:\/\/www.hairuwear.com\/de\/wp-json\/wp\/v2\/media?parent=37865"}],"wp:term":[{"taxonomy":"product_brand","embeddable":true,"href":"https:\/\/www.hairuwear.com\/de\/wp-json\/wp\/v2\/product_brand?post=37865"},{"taxonomy":"product_cat","embeddable":true,"href":"https:\/\/www.hairuwear.com\/de\/wp-json\/wp\/v2\/product_cat?post=37865"},{"taxonomy":"product_tag","embeddable":true,"href":"https:\/\/www.hairuwear.com\/de\/wp-json\/wp\/v2\/product_tag?post=37865"}],"curies":[{"name":"wp","href":"https:\/\/api.w.org\/{rel}","templated":true}]}}